{"id":80,"date":"2022-03-04T14:28:19","date_gmt":"2022-03-04T17:28:19","guid":{"rendered":"http:\/\/fernandabellicieri.com\/?page_id=80"},"modified":"2024-07-11T16:36:00","modified_gmt":"2024-07-11T19:36:00","slug":"anima-in-cronica","status":"publish","type":"page","link":"http:\/\/fernandabellicieri.com\/it\/corpo-e-texto\/anima-in-cronica\/","title":{"rendered":"\u00c2nima In Cr\u00f4nica"},"content":{"rendered":"<p>[et_pb_section fb_built=&#8221;1&#8243; _builder_version=&#8221;4.14.8&#8243; _module_preset=&#8221;default&#8221; min_height=&#8221;354.8px&#8221; custom_margin=&#8221;||-20px|||&#8221; custom_padding=&#8221;||0px|||&#8221; global_colors_info=&#8221;{}&#8221;][et_pb_row _builder_version=&#8221;4.14.8&#8243; _module_preset=&#8221;default&#8221; locked=&#8221;off&#8221; global_colors_info=&#8221;{}&#8221;][et_pb_column type=&#8221;4_4&#8243; _builder_version=&#8221;4.14.8&#8243; _module_preset=&#8221;default&#8221; global_colors_info=&#8221;{}&#8221;][et_pb_menu menu_id=&#8221;none&#8221; active_link_color=&#8221;#FFFFFF&#8221; dropdown_menu_bg_color=&#8221;RGBA(255,255,255,0)&#8221; dropdown_menu_line_color=&#8221;#000000&#8243; dropdown_menu_text_color=&#8221;#FFFFFF&#8221; dropdown_menu_active_link_color=&#8221;#FFFFFF&#8221; mobile_menu_bg_color=&#8221;rgba(0,0,0,0.89)&#8221; mobile_menu_text_color=&#8221;#FFFFFF&#8221; logo=&#8221;http:\/\/fernandabellicieri.com\/wp-content\/uploads\/2022\/04\/icon-2.png&#8221; logo_url=&#8221;@ET-DC@eyJkeW5hbWljIjp0cnVlLCJjb250ZW50IjoiaG9tZV91cmwiLCJzZXR0aW5ncyI6e319@&#8221; cart_icon_color=&#8221;#FFFFFF&#8221; search_icon_color=&#8221;#FFFFFF&#8221; menu_icon_color=&#8221;#6B6B6B&#8221; _builder_version=&#8221;4.14.8&#8243; _dynamic_attributes=&#8221;logo_url&#8221; _module_preset=&#8221;default&#8221; menu_text_color=&#8221;#8F8F8F&#8221; menu_font_size=&#8221;24px&#8221; background_color=&#8221;RGBA(255,255,255,0)&#8221; text_orientation=&#8221;right&#8221; custom_margin=&#8221;||51px|||&#8221; menu_letter_spacing_tablet=&#8221;&#8221; menu_letter_spacing_phone=&#8221;&#8221; menu_letter_spacing_last_edited=&#8221;on|desktop&#8221; global_module=&#8221;2525&#8243; saved_tabs=&#8221;all&#8221; global_colors_info=&#8221;{}&#8221;][\/et_pb_menu][\/et_pb_column][\/et_pb_row][et_pb_row _builder_version=&#8221;4.14.8&#8243; _module_preset=&#8221;default&#8221; module_alignment=&#8221;center&#8221; custom_margin=&#8221;|auto|||false|false&#8221; custom_margin_tablet=&#8221;|auto||0px|false|false&#8221; custom_margin_phone=&#8221;|auto||0px|false|false&#8221; custom_margin_last_edited=&#8221;on|tablet&#8221; module_alignment_tablet=&#8221;center&#8221; module_alignment_phone=&#8221;center&#8221; module_alignment_last_edited=&#8221;on|tablet&#8221; global_colors_info=&#8221;{}&#8221;][et_pb_column type=&#8221;4_4&#8243; _builder_version=&#8221;4.14.8&#8243; _module_preset=&#8221;default&#8221; global_colors_info=&#8221;{}&#8221;][et_pb_image src=&#8221;http:\/\/fernandabellicieri.com\/wp-content\/uploads\/2022\/06\/cronica-2.png&#8221; title_text=&#8221;Anima in Cronica&#8221; _builder_version=&#8221;4.14.8&#8243; _module_preset=&#8221;default&#8221; custom_margin=&#8221;-37px|||||&#8221; global_colors_info=&#8221;{}&#8221;][\/et_pb_image][\/et_pb_column][\/et_pb_row][\/et_pb_section][et_pb_section fb_built=&#8221;1&#8243; _builder_version=&#8221;4.14.8&#8243; _module_preset=&#8221;default&#8221; min_height=&#8221;277.8px&#8221; custom_margin=&#8221;-10px||||false|false&#8221; custom_margin_tablet=&#8221;-187px||||false|false&#8221; custom_margin_phone=&#8221;-193px||26px||false|false&#8221; custom_margin_last_edited=&#8221;on|desktop&#8221; custom_padding=&#8221;1px||3px|||&#8221; global_colors_info=&#8221;{}&#8221;][et_pb_row _builder_version=&#8221;4.14.8&#8243; _module_preset=&#8221;default&#8221; global_colors_info=&#8221;{}&#8221;][et_pb_column type=&#8221;4_4&#8243; _builder_version=&#8221;4.14.8&#8243; _module_preset=&#8221;default&#8221; global_colors_info=&#8221;{}&#8221;][et_pb_text content_tablet=&#8221;<\/p>\n<h3><strong>A escrita multiplataforma <\/strong><\/h3>\n<p>\u00c2nima in cr\u00f4nica \u00e9 uma iniciativa art\u00edstico-reflexiva, de natureza experimental, autoral e colaborativa, que consiste na elabora\u00e7\u00e3o de produtos art\u00edsticos, em m\u00faltiplas linguagens, adaptados a diferentes plataformas; tendo como ponto de partida, o texto em formato cr\u00f4nica.<\/p>\n<p>Confira uma s\u00e9rie de trabalhos realizados mediante di\u00e1ogo entre texto e ilustra\u00e7\u00e3o.<\/p>\n<p>Voc\u00ea encontra o  livro %22\u00c2nima in cr\u00f4nica Volume I: \u00c0s v\u00e9speras do fim do mundo%22 na Home do site.<\/p>\n<p>Textos: Fernanda Bellicieri\/ Ilustra\u00e7\u00f5es: Maria L\u00facia Nardy<\/p>\n<p>&#8221; content_phone=&#8221;<\/p>\n<h3><strong>A escrita multiplataforma <\/strong><\/h3>\n<p>\u00c2nima in cr\u00f4nica \u00e9 uma iniciativa art\u00edstico-reflexiva, de natureza experimental, autoral e colaborativa, que consiste na elabora\u00e7\u00e3o de produtos art\u00edsticos, em m\u00faltiplas linguagens, adaptados a diferentes plataformas; tendo como ponto de partida, o texto em formato cr\u00f4nica.<\/p>\n<p>Confira uma s\u00e9rie de trabalhos realizados mediante di\u00e1ogo entre texto e ilustra\u00e7\u00e3o.<\/p>\n<p>Voc\u00ea encontra o  livro %22\u00c2nima in cr\u00f4nica Volume I: \u00c0s v\u00e9speras do fim do mundo%22 na Home do site.<\/p>\n<p>Textos: Fernanda Bellicieri\/ Ilustra\u00e7\u00f5es: Maria L\u00facia Nardy<\/p>\n<p>&#8221; content_last_edited=&#8221;on|desktop&#8221; _builder_version=&#8221;4.14.8&#8243; _module_preset=&#8221;default&#8221; header_3_text_align=&#8221;center&#8221; header_3_text_color=&#8221;#000000&#8243; text_orientation=&#8221;center&#8221; min_height=&#8221;267px&#8221; custom_margin=&#8221;63px|||||&#8221; hover_enabled=&#8221;0&#8243; global_colors_info=&#8221;{}&#8221; header_3_text_color__hover_enabled=&#8221;on|hover&#8221; header_3_text_color__hover=&#8221;#8F8F8F&#8221; sticky_enabled=&#8221;0&#8243;]<\/p>\n<h3><strong>A escrita multiplataforma\u00a0<\/strong><\/h3>\n<p><strong>\u00c2nima in cr\u00f4nica<\/strong> \u00e9 uma iniciativa art\u00edstico-reflexiva, de natureza experimental, autoral e colaborativa, que consiste na elabora\u00e7\u00e3o de produtos art\u00edsticos, em m\u00faltiplas linguagens, adaptados a diferentes plataformas; tendo como ponto de partida, o texto em formato cr\u00f4nica.<\/p>\n<p>Confira uma s\u00e9rie de trabalhos realizados mediante di\u00e1ogo entre texto e ilustra\u00e7\u00e3o.<\/p>\n<p>Voc\u00ea encontra o \u00a0livro <strong>&#8220;\u00c2nima in cr\u00f4nica Volume I: \u00c0s v\u00e9speras do fim do mundo&#8221;<\/strong> na Home do site.<\/p>\n<p><strong>Textos:<\/strong> Fernanda Bellicieri\/ Ilustra\u00e7\u00f5es: Maria L\u00facia Nardy<\/p>\n<p>[\/et_pb_text][\/et_pb_column][\/et_pb_row][\/et_pb_section][et_pb_section fb_built=&#8221;1&#8243; _builder_version=&#8221;4.14.8&#8243; _module_preset=&#8221;default&#8221; custom_padding=&#8221;4px|||||&#8221; global_colors_info=&#8221;{}&#8221;][et_pb_row _builder_version=&#8221;4.14.8&#8243; _module_preset=&#8221;default&#8221; global_colors_info=&#8221;{}&#8221;][et_pb_column type=&#8221;4_4&#8243; _builder_version=&#8221;4.14.8&#8243; _module_preset=&#8221;default&#8221; global_colors_info=&#8221;{}&#8221;][et_pb_blog fullwidth=&#8221;off&#8221; posts_number=&#8221;21&#8243; include_categories=&#8221;50&#8243; use_manual_excerpt=&#8221;off&#8221; excerpt_length=&#8221;200&#8243; show_more=&#8221;on&#8221; show_author=&#8221;off&#8221; show_date=&#8221;off&#8221; show_categories=&#8221;off&#8221; show_excerpt=&#8221;off&#8221; use_overlay=&#8221;on&#8221; overlay_icon_color=&#8221;#FFFFFF&#8221; hover_overlay_color=&#8221;rgba(0,0,0,0.5)&#8221; _builder_version=&#8221;4.14.8&#8243; _module_preset=&#8221;default&#8221; header_font=&#8221;|700|||||||&#8221; header_text_color=&#8221;#000000&#8243; header_font_size=&#8221;18px&#8221; body_text_color=&#8221;#828282&#8243; body_font_size=&#8221;15px&#8221; read_more_font=&#8221;|600|||||||&#8221; read_more_text_color=&#8221;#000000&#8243; pagination_text_color=&#8221;#000000&#8243; transform_translate_linked__hover=&#8221;off&#8221; custom_margin=&#8221;1px|||||&#8221; border_radii=&#8221;on|12px|12px|12px|12px&#8221; border_color_all=&#8221;#e5e5e5&#8243; box_shadow_style=&#8221;preset3&#8243; box_shadow_color=&#8221;rgba(0,0,0,0.06)&#8221; locked=&#8221;off&#8221; global_colors_info=&#8221;{}&#8221; transform_styles__hover_enabled=&#8221;off|hover&#8221; transform_scale__hover_enabled=&#8221;off|hover&#8221; transform_translate__hover_enabled=&#8221;off|hover&#8221; transform_rotate__hover_enabled=&#8221;off|hover&#8221; transform_skew__hover_enabled=&#8221;off|hover&#8221; transform_origin__hover_enabled=&#8221;off|hover&#8221;][\/et_pb_blog][\/et_pb_column][\/et_pb_row][et_pb_row disabled_on=&#8221;on|on|off&#8221; _builder_version=&#8221;4.14.8&#8243; _module_preset=&#8221;default&#8221; custom_margin=&#8221;60px|auto|70px|auto||&#8221; global_colors_info=&#8221;{}&#8221;][et_pb_column type=&#8221;4_4&#8243; _builder_version=&#8221;4.14.8&#8243; _module_preset=&#8221;default&#8221; global_colors_info=&#8221;{}&#8221;][et_pb_icon font_icon=&#8221;&#xf3c9;||fa||900&#8243; icon_color=&#8221;#000000&#8243; _builder_version=&#8221;4.14.8&#8243; _module_preset=&#8221;default&#8221; global_colors_info=&#8221;{}&#8221;][\/et_pb_icon][et_pb_text content_tablet=&#8221;<\/p>\n<p>\u00c2NIMA IN CR\u00d4NICA podcast<\/p>\n<p>&#8221; content_phone=&#8221;<\/p>\n<p>\u00c2NIMA IN CR\u00d4NICA<\/p>\n<p>podcast<\/p>\n<p>&#8221; content_last_edited=&#8221;on|phone&#8221; _builder_version=&#8221;4.14.8&#8243; _dynamic_attributes=&#8221;link_option_url&#8221; _module_preset=&#8221;default&#8221; text_font=&#8221;Bebas Neue||||||||&#8221; text_text_color=&#8221;#000000&#8243; text_font_size=&#8221;63px&#8221; text_orientation=&#8221;center&#8221; width=&#8221;100%&#8221; max_width=&#8221;100%&#8221; custom_margin=&#8221;47px||||false|false&#8221; custom_padding=&#8221;||||false|false&#8221; link_option_url=&#8221;@ET-DC@eyJkeW5hbWljIjp0cnVlLCJjb250ZW50IjoicG9zdF9saW5rX3VybF9wYWdlIiwic2V0dGluZ3MiOnsicG9zdF9pZCI6IjgwIn19@&#8221; locked=&#8221;off&#8221; global_colors_info=&#8221;{}&#8221;]<\/p>\n<p>\u00c2NIMA IN CR\u00d4NICA podcast<\/p>\n<p>[\/et_pb_text][et_pb_button button_url=&#8221;https:\/\/open.spotify.com\/show\/1m5mPSAjpahlSpCCmDhqbs?si=d2fb2c09f2b44298&#038;nd=1&#8243; url_new_window=&#8221;on&#8221; button_text=&#8221;ou\u00e7a agora&#8221; button_alignment=&#8221;center&#8221; _builder_version=&#8221;4.14.8&#8243; _module_preset=&#8221;default&#8221; custom_button=&#8221;on&#8221; button_text_size=&#8221;17px&#8221; button_text_color=&#8221;#a3a3a3&#8243; global_colors_info=&#8221;{}&#8221; button_text_color__hover_enabled=&#8221;on|hover&#8221; button_text_color__hover=&#8221;#a3a3a3&#8243;][\/et_pb_button][\/et_pb_column][\/et_pb_row][et_pb_row disabled_on=&#8221;off|off|on&#8221; _builder_version=&#8221;4.14.8&#8243; _module_preset=&#8221;default&#8221; custom_margin=&#8221;60px|auto|70px|auto||&#8221; global_colors_info=&#8221;{}&#8221;][et_pb_column type=&#8221;4_4&#8243; _builder_version=&#8221;4.14.8&#8243; _module_preset=&#8221;default&#8221; global_colors_info=&#8221;{}&#8221;][et_pb_icon font_icon=&#8221;&#xf3c9;||fa||900&#8243; icon_color=&#8221;#000000&#8243; _builder_version=&#8221;4.14.8&#8243; _module_preset=&#8221;default&#8221; global_colors_info=&#8221;{}&#8221;][\/et_pb_icon][et_pb_text content_tablet=&#8221;<\/p>\n<p>\u00c2NIMA IN CR\u00d4NICA podcast<\/p>\n<p>&#8221; content_phone=&#8221;<\/p>\n<p>\u00c2NIMA IN CR\u00d4NICA podcast<\/p>\n<p>&#8221; content_last_edited=&#8221;on|phone&#8221; _builder_version=&#8221;4.14.8&#8243; _dynamic_attributes=&#8221;link_option_url&#8221; _module_preset=&#8221;default&#8221; text_font=&#8221;Bebas Neue||||||||&#8221; text_text_color=&#8221;#000000&#8243; text_font_size=&#8221;49px&#8221; text_line_height=&#8221;1em&#8221; text_orientation=&#8221;center&#8221; width=&#8221;100%&#8221; max_width=&#8221;100%&#8221; custom_margin=&#8221;47px||||false|false&#8221; custom_padding=&#8221;||||false|false&#8221; link_option_url=&#8221;@ET-DC@eyJkeW5hbWljIjp0cnVlLCJjb250ZW50IjoicG9zdF9saW5rX3VybF9wYWdlIiwic2V0dGluZ3MiOnsicG9zdF9pZCI6IjgwIn19@&#8221; locked=&#8221;off&#8221; global_colors_info=&#8221;{}&#8221;]<\/p>\n<p>\u00c2NIMA IN CR\u00d4NICA podcast<\/p>\n<p>[\/et_pb_text][et_pb_button button_url=&#8221;https:\/\/open.spotify.com\/show\/1m5mPSAjpahlSpCCmDhqbs?si=d2fb2c09f2b44298&#038;nd=1&#8243; button_text=&#8221;ou\u00e7a agora&#8221; button_alignment=&#8221;center&#8221; _builder_version=&#8221;4.14.8&#8243; _module_preset=&#8221;default&#8221; custom_button=&#8221;on&#8221; button_text_size=&#8221;17px&#8221; button_text_color=&#8221;#a3a3a3&#8243; global_colors_info=&#8221;{}&#8221; button_text_color__hover_enabled=&#8221;on|hover&#8221; button_text_color__hover=&#8221;#a3a3a3&#8243;][\/et_pb_button][\/et_pb_column][\/et_pb_row][\/et_pb_section]<\/p>\n","protected":false},"excerpt":{"rendered":"<p>A escrita multiplataforma\u00a0 \u00c2nima in cr\u00f4nica \u00e9 uma iniciativa art\u00edstico-reflexiva, de natureza experimental, autoral e colaborativa, que consiste na elabora\u00e7\u00e3o de produtos art\u00edsticos, em m\u00faltiplas linguagens, adaptados a diferentes plataformas; tendo como ponto de partida, o texto em formato cr\u00f4nica. Confira uma s\u00e9rie de trabalhos realizados mediante di\u00e1ogo entre texto e ilustra\u00e7\u00e3o. Voc\u00ea encontra o [&hellip;]<\/p>\n","protected":false},"author":1,"featured_media":0,"parent":58,"menu_order":0,"comment_status":"closed","ping_status":"closed","template":"","meta":{"_et_pb_use_builder":"on","_et_pb_old_content":"","_et_gb_content_width":"","footnotes":""},"class_list":["post-80","page","type-page","status-publish","hentry"],"_links":{"self":[{"href":"http:\/\/fernandabellicieri.com\/it\/wp-json\/wp\/v2\/pages\/80","targetHints":{"allow":["GET"]}}],"collection":[{"href":"http:\/\/fernandabellicieri.com\/it\/wp-json\/wp\/v2\/pages"}],"about":[{"href":"http:\/\/fernandabellicieri.com\/it\/wp-json\/wp\/v2\/types\/page"}],"author":[{"embeddable":true,"href":"http:\/\/fernandabellicieri.com\/it\/wp-json\/wp\/v2\/users\/1"}],"replies":[{"embeddable":true,"href":"http:\/\/fernandabellicieri.com\/it\/wp-json\/wp\/v2\/comments?post=80"}],"version-history":[{"count":0,"href":"http:\/\/fernandabellicieri.com\/it\/wp-json\/wp\/v2\/pages\/80\/revisions"}],"up":[{"embeddable":true,"href":"http:\/\/fernandabellicieri.com\/it\/wp-json\/wp\/v2\/pages\/58"}],"wp:attachment":[{"href":"http:\/\/fernandabellicieri.com\/it\/wp-json\/wp\/v2\/media?parent=80"}],"curies":[{"name":"wp","href":"https:\/\/api.w.org\/{rel}","templated":true}]}}